{"id":2757,"date":"2025-06-16T11:07:50","date_gmt":"2025-06-16T09:07:50","guid":{"rendered":"https:\/\/prettigwerkenbijvandijk.nl\/polityka-prywatnosci\/"},"modified":"2026-03-24T16:37:55","modified_gmt":"2026-03-24T15:37:55","slug":"polityka-prywatnosci","status":"publish","type":"page","link":"https:\/\/prettigwerkenbijvandijk.nl\/pl\/polityka-prywatnosci\/","title":{"rendered":"Polityka prywatno\u015bci"},"content":{"rendered":"<div class=\"fusion-fullwidth fullwidth-box fusion-builder-row-1 fusion-flex-container has-pattern-background has-mask-background nonhundred-percent-fullwidth non-hundred-percent-height-scrolling\" style=\"--awb-border-radius-top-left:0px;--awb-border-radius-top-right:0px;--awb-border-radius-bottom-right:0px;--awb-border-radius-bottom-left:0px;--awb-flex-wrap:wrap;\" ><div class=\"fusion-builder-row fusion-row fusion-flex-align-items-center fusion-flex-content-wrap\" style=\"max-width:1382.4px;margin-left: calc(-8% \/ 2 );margin-right: calc(-8% \/ 2 );\"><div class=\"fusion-layout-column fusion_builder_column fusion-builder-column-0 fusion_builder_column_1_1 1_1 fusion-flex-column\" style=\"--awb-bg-size:cover;--awb-width-large:100%;--awb-margin-top-large:0px;--awb-spacing-right-large:3.68%;--awb-margin-bottom-large:20px;--awb-spacing-left-large:3.68%;--awb-width-medium:100%;--awb-order-medium:0;--awb-spacing-right-medium:3.68%;--awb-spacing-left-medium:3.68%;--awb-width-small:100%;--awb-order-small:0;--awb-spacing-right-small:3.68%;--awb-spacing-left-small:3.68%;\"><div class=\"fusion-column-wrapper fusion-column-has-shadow fusion-flex-justify-content-flex-start fusion-content-layout-column\"><div class=\"fusion-title title fusion-title-1 fusion-sep-none fusion-title-text fusion-title-size-two\"><h2 class=\"fusion-title-heading title-heading-left fusion-responsive-typography-calculated\" style=\"margin:0;--fontSize:38;line-height:var(--awb-typography2-line-height);\">Czym si\u0119 zajmujemy<\/h2><\/div><div class=\"fusion-text fusion-text-1\"><p><strong>O\u015bwiadczenie o ochronie prywatno\u015bci Prettigwerkenbijvandijk.nl<\/strong><\/p>\n<p>Van Dijk przywi\u0105zuje du\u017c\u0105 wag\u0119 do ochrony Twoich danych osobowych. W niniejszym o\u015bwiadczeniu o ochronie prywatno\u015bci przedstawiamy jasne i przejrzyste informacje o tym, jak obchodzimy si\u0119 z danymi osobowymi na tej stronie internetowej: <strong><a href=\"http:\/\/www.prettigwerkenbijvandijk.nl\">www.prettigwerkenbijvandijk.nl<\/a><\/strong>. <\/p>\n<p>Robimy wszystko, co w naszej mocy, aby zagwarantowa\u0107 Twoj\u0105 prywatno\u015b\u0107 i starannie obchodzimy si\u0119 z danymi osobowymi. Van Dijk we wszystkich przypadkach przestrzega obowi\u0105zuj\u0105cych przepis\u00f3w ustawowych i wykonawczych, w tym Og\u00f3lnego Rozporz\u0105dzenia o Ochronie Danych (RODO). Oznacza to mi\u0119dzy innymi, \u017ce:  <\/p>\n<ul>\n<li>Przetwarzamy Twoje dane osobowe zgodnie z celem, dla kt\u00f3rego zosta\u0142y przekazane;<\/li>\n<li>Przetwarzamy tylko te dane, kt\u00f3re s\u0105 minimalnie niezb\u0119dne do realizacji tego celu;<\/li>\n<li>Prosimy o Twoj\u0105 zgod\u0119, gdy jest to wymagane prawnie;<\/li>\n<li>Podejmujemy odpowiednie \u015brodki techniczne i organizacyjne, aby zabezpieczy\u0107 Twoje dane;<\/li>\n<li>Nie przekazujemy danych osobowych innym stronom, chyba \u017ce jest to konieczne do celu, dla kt\u00f3rego zosta\u0142y przekazane;<\/li>\n<li>Szanujemy Twoje prawa i informujemy Ci\u0119 o nich.<\/li>\n<\/ul>\n<p><strong>Przetwarzanie danych osobowych kandydat\u00f3w do pracy<\/strong><\/p>\n<p>Na tej stronie mo\u017cesz aplikowa\u0107 na wolne stanowiska w Van Dijk. W tym celu zbieramy nast\u0119puj\u0105ce dane: <\/p>\n<ul>\n<li>Imi\u0119 i nazwisko<\/li>\n<li>Adres e-mail<\/li>\n<li>Numer telefonu<\/li>\n<li>CV oraz ewentualne dodatkowe dane, kt\u00f3re sam podasz<\/li>\n<\/ul>\n<p><strong>Cele przetwarzania danych:<\/strong><\/p>\n<ul>\n<li>Ocena i przetwarzanie aplikacji o prac\u0119<\/li>\n<li>Kontaktowanie si\u0119 z Tob\u0105 w sprawie Twojej aplikacji<\/li>\n<li>Raportowanie wewn\u0119trzne oraz ewentualne przysz\u0142e wakaty (je\u015bli wyrazisz na to zgod\u0119)<\/li>\n<\/ul>\n<p><strong>Podstawa prawna:<\/strong><\/p>\n<ul>\n<li>Zgoda kandydata<\/li>\n<li>Prawnie uzasadniony interes w rekrutacji personelu<\/li>\n<\/ul>\n<p><strong>Okres przechowywania:<\/strong><\/p>\n<ul>\n<li>Twoje dane b\u0119d\u0105 przechowywane maksymalnie przez 4 tygodnie po zako\u0144czeniu procedury rekrutacyjnej, chyba \u017ce wyrazisz zgod\u0119 na przechowywanie danych do 1 roku na potrzeby przysz\u0142ych wakat\u00f3w.<\/li>\n<\/ul>\n<p><strong>Korzystanie z narz\u0119dzi marketingowych i analitycznych<\/strong><\/p>\n<p>Na tej stronie korzystamy z narz\u0119dzi marketingowych i analitycznych:<\/p>\n<ul>\n<li><strong>Facebook Pixel<\/strong>: do \u015bledzenia konwersji i mierzenia grup docelowych dla reklam.<\/li>\n<li><strong>Hotjar<\/strong>: do analizy anonimowych danych u\u017cytkownik\u00f3w i poprawy do\u015bwiadczenia u\u017cytkownika.<\/li>\n<\/ul>\n<p>Narz\u0119dzia te mog\u0105 zbiera\u0107 (anonimowe) dane o Twoim korzystaniu ze strony internetowej. Wi\u0119cej informacji o tych narz\u0119dziach znajdziesz w polityce dotycz\u0105cej plik\u00f3w cookie. <\/p>\n<p><strong>Podstawa prawna:<\/strong> Zgoda wyra\u017cona za po\u015brednictwem baneru cookie podczas Twojej pierwszej wizyty.<\/p>\n<p><strong>Udost\u0119pnianie danych stronom trzecim<\/strong><\/p>\n<p>Nie udost\u0119pniamy Twoich danych stronom trzecim, chyba \u017ce jest to konieczne do wy\u017cej wymienionych cel\u00f3w lub gdy jest to wymagane prawnie. Z podmiotami przetwarzaj\u0105cymi (takimi jak nasi partnerzy programistyczni lub hostingowi) zawieramy umowy powierzenia przetwarzania danych, aby zagwarantowa\u0107 bezpiecze\u0144stwo Twoich danych. <\/p>\n<p><strong>Twoje prawa<\/strong><\/p>\n<p>Masz prawo do:<\/p>\n<ul>\n<li>Wgl\u0105du w swoje dane osobowe<\/li>\n<li>Poprawiania b\u0142\u0119d\u00f3w<\/li>\n<li>Usuni\u0119cia swoich danych<\/li>\n<li>Z\u0142o\u017cenia wniosku o ograniczenie przetwarzania<\/li>\n<li>Wniesienia sprzeciwu wobec przetwarzania<\/li>\n<li>Wycofania swojej zgody<\/li>\n<li>Przeniesienia danych do innej strony<\/li>\n<\/ul>\n<p>W tym celu mo\u017cesz skontaktowa\u0107 si\u0119 z nami, korzystaj\u0105c z poni\u017cszych danych. Mo\u017cemy poprosi\u0107 Ci\u0119 o identyfikacj\u0119 przed rozpatrzeniem Twojej pro\u015bby. <\/p>\n<p><strong>Skargi<\/strong><\/p>\n<p>Masz skarg\u0119 dotycz\u0105c\u0105 przetwarzania Twoich danych osobowych? Skontaktuj si\u0119 z nami. Je\u015bli nie uda nam si\u0119 doj\u015b\u0107 do porozumienia, masz prawo z\u0142o\u017cy\u0107 skarg\u0119 do organu nadzorczego (Autoriteit Persoonsgegevens).  <\/p>\n<p><strong>Dane kontaktowe<\/strong><\/p>\n<p>Van Dijk<br \/>\nRolweg 13<br \/>\n4104 AV Culemborg<br \/>\n<strong>avg@dijkauto.nl<\/strong><\/p>\n<\/div><\/div><\/div><\/div><\/div>\n","protected":false},"excerpt":{"rendered":"","protected":false},"author":2,"featured_media":0,"parent":0,"menu_order":0,"comment_status":"closed","ping_status":"closed","template":"100-width.php","meta":{"_acf_changed":false,"footnotes":""},"class_list":["post-2757","page","type-page","status-publish","hentry"],"acf":[],"yoast_head":"<!-- This site is optimized with the Yoast SEO plugin v27.2 - https:\/\/yoast.com\/product\/yoast-seo-wordpress\/ -->\n<title>Polityka prywatno\u015bci - Prettig werken bij Van Dijk<\/title>\n<meta name=\"robots\" content=\"index, follow, max-snippet:-1, max-image-preview:large, max-video-preview:-1\" \/>\n<link rel=\"canonical\" href=\"https:\/\/prettigwerkenbijvandijk.nl\/pl\/polityka-prywatnosci\/\" \/>\n<meta property=\"og:locale\" content=\"pl_PL\" \/>\n<meta property=\"og:type\" content=\"article\" \/>\n<meta property=\"og:title\" content=\"Polityka prywatno\u015bci - Prettig werken bij Van Dijk\" \/>\n<meta property=\"og:url\" content=\"https:\/\/prettigwerkenbijvandijk.nl\/pl\/polityka-prywatnosci\/\" \/>\n<meta property=\"og:site_name\" content=\"Prettig werken bij Van Dijk\" \/>\n<meta property=\"article:publisher\" content=\"https:\/\/www.facebook.com\/vandijktrucks\/\" \/>\n<meta property=\"article:modified_time\" content=\"2026-03-24T15:37:55+00:00\" \/>\n<meta property=\"og:image\" content=\"https:\/\/prettigwerkenbijvandijk.nl\/wp-content\/uploads\/2025\/01\/Vandijk_Afbeelding_Overons_Header.webp\" \/>\n\t<meta property=\"og:image:width\" content=\"1920\" \/>\n\t<meta property=\"og:image:height\" content=\"700\" \/>\n\t<meta property=\"og:image:type\" content=\"image\/webp\" \/>\n<meta name=\"twitter:card\" content=\"summary_large_image\" \/>\n<meta name=\"twitter:label1\" content=\"Szacowany czas czytania\" \/>\n\t<meta name=\"twitter:data1\" content=\"1 minuta\" \/>\n<script type=\"application\/ld+json\" class=\"yoast-schema-graph\">{\"@context\":\"https:\/\/schema.org\",\"@graph\":[{\"@type\":\"WebPage\",\"@id\":\"https:\/\/prettigwerkenbijvandijk.nl\/pl\/polityka-prywatnosci\/\",\"url\":\"https:\/\/prettigwerkenbijvandijk.nl\/pl\/polityka-prywatnosci\/\",\"name\":\"Polityka prywatno\u015bci - Prettig werken bij Van Dijk\",\"isPartOf\":{\"@id\":\"https:\/\/prettigwerkenbijvandijk.nl\/pl\/#website\"},\"datePublished\":\"2025-06-16T09:07:50+00:00\",\"dateModified\":\"2026-03-24T15:37:55+00:00\",\"breadcrumb\":{\"@id\":\"https:\/\/prettigwerkenbijvandijk.nl\/pl\/polityka-prywatnosci\/#breadcrumb\"},\"inLanguage\":\"pl-PL\",\"potentialAction\":[{\"@type\":\"ReadAction\",\"target\":[\"https:\/\/prettigwerkenbijvandijk.nl\/pl\/polityka-prywatnosci\/\"]}]},{\"@type\":\"BreadcrumbList\",\"@id\":\"https:\/\/prettigwerkenbijvandijk.nl\/pl\/polityka-prywatnosci\/#breadcrumb\",\"itemListElement\":[{\"@type\":\"ListItem\",\"position\":1,\"name\":\"Home\",\"item\":\"https:\/\/prettigwerkenbijvandijk.nl\/pl\/\"},{\"@type\":\"ListItem\",\"position\":2,\"name\":\"Polityka prywatno\u015bci\"}]},{\"@type\":\"WebSite\",\"@id\":\"https:\/\/prettigwerkenbijvandijk.nl\/pl\/#website\",\"url\":\"https:\/\/prettigwerkenbijvandijk.nl\/pl\/\",\"name\":\"Prettig werken bij Van Dijk\",\"description\":\"\",\"publisher\":{\"@id\":\"https:\/\/prettigwerkenbijvandijk.nl\/pl\/#organization\"},\"potentialAction\":[{\"@type\":\"SearchAction\",\"target\":{\"@type\":\"EntryPoint\",\"urlTemplate\":\"https:\/\/prettigwerkenbijvandijk.nl\/pl\/?s={search_term_string}\"},\"query-input\":{\"@type\":\"PropertyValueSpecification\",\"valueRequired\":true,\"valueName\":\"search_term_string\"}}],\"inLanguage\":\"pl-PL\"},{\"@type\":\"Organization\",\"@id\":\"https:\/\/prettigwerkenbijvandijk.nl\/pl\/#organization\",\"name\":\"Prettig werken bij Van Dijk\",\"url\":\"https:\/\/prettigwerkenbijvandijk.nl\/pl\/\",\"logo\":{\"@type\":\"ImageObject\",\"inLanguage\":\"pl-PL\",\"@id\":\"https:\/\/prettigwerkenbijvandijk.nl\/pl\/#\/schema\/logo\/image\/\",\"url\":\"https:\/\/prettigwerkenbijvandijk.nl\/wp-content\/uploads\/2025\/01\/PrettigwerkenbijVanDijk.webp\",\"contentUrl\":\"https:\/\/prettigwerkenbijvandijk.nl\/wp-content\/uploads\/2025\/01\/PrettigwerkenbijVanDijk.webp\",\"width\":1139,\"height\":940,\"caption\":\"Prettig werken bij Van Dijk\"},\"image\":{\"@id\":\"https:\/\/prettigwerkenbijvandijk.nl\/pl\/#\/schema\/logo\/image\/\"},\"sameAs\":[\"https:\/\/www.facebook.com\/vandijktrucks\/\"]}]}<\/script>\n<!-- \/ Yoast SEO plugin. -->","yoast_head_json":{"title":"Polityka prywatno\u015bci - Prettig werken bij Van Dijk","robots":{"index":"index","follow":"follow","max-snippet":"max-snippet:-1","max-image-preview":"max-image-preview:large","max-video-preview":"max-video-preview:-1"},"canonical":"https:\/\/prettigwerkenbijvandijk.nl\/pl\/polityka-prywatnosci\/","og_locale":"pl_PL","og_type":"article","og_title":"Polityka prywatno\u015bci - Prettig werken bij Van Dijk","og_url":"https:\/\/prettigwerkenbijvandijk.nl\/pl\/polityka-prywatnosci\/","og_site_name":"Prettig werken bij Van Dijk","article_publisher":"https:\/\/www.facebook.com\/vandijktrucks\/","article_modified_time":"2026-03-24T15:37:55+00:00","og_image":[{"width":1920,"height":700,"url":"https:\/\/prettigwerkenbijvandijk.nl\/wp-content\/uploads\/2025\/01\/Vandijk_Afbeelding_Overons_Header.webp","type":"image\/webp"}],"twitter_card":"summary_large_image","twitter_misc":{"Szacowany czas czytania":"1 minuta"},"schema":{"@context":"https:\/\/schema.org","@graph":[{"@type":"WebPage","@id":"https:\/\/prettigwerkenbijvandijk.nl\/pl\/polityka-prywatnosci\/","url":"https:\/\/prettigwerkenbijvandijk.nl\/pl\/polityka-prywatnosci\/","name":"Polityka prywatno\u015bci - Prettig werken bij Van Dijk","isPartOf":{"@id":"https:\/\/prettigwerkenbijvandijk.nl\/pl\/#website"},"datePublished":"2025-06-16T09:07:50+00:00","dateModified":"2026-03-24T15:37:55+00:00","breadcrumb":{"@id":"https:\/\/prettigwerkenbijvandijk.nl\/pl\/polityka-prywatnosci\/#breadcrumb"},"inLanguage":"pl-PL","potentialAction":[{"@type":"ReadAction","target":["https:\/\/prettigwerkenbijvandijk.nl\/pl\/polityka-prywatnosci\/"]}]},{"@type":"BreadcrumbList","@id":"https:\/\/prettigwerkenbijvandijk.nl\/pl\/polityka-prywatnosci\/#breadcrumb","itemListElement":[{"@type":"ListItem","position":1,"name":"Home","item":"https:\/\/prettigwerkenbijvandijk.nl\/pl\/"},{"@type":"ListItem","position":2,"name":"Polityka prywatno\u015bci"}]},{"@type":"WebSite","@id":"https:\/\/prettigwerkenbijvandijk.nl\/pl\/#website","url":"https:\/\/prettigwerkenbijvandijk.nl\/pl\/","name":"Prettig werken bij Van Dijk","description":"","publisher":{"@id":"https:\/\/prettigwerkenbijvandijk.nl\/pl\/#organization"},"potentialAction":[{"@type":"SearchAction","target":{"@type":"EntryPoint","urlTemplate":"https:\/\/prettigwerkenbijvandijk.nl\/pl\/?s={search_term_string}"},"query-input":{"@type":"PropertyValueSpecification","valueRequired":true,"valueName":"search_term_string"}}],"inLanguage":"pl-PL"},{"@type":"Organization","@id":"https:\/\/prettigwerkenbijvandijk.nl\/pl\/#organization","name":"Prettig werken bij Van Dijk","url":"https:\/\/prettigwerkenbijvandijk.nl\/pl\/","logo":{"@type":"ImageObject","inLanguage":"pl-PL","@id":"https:\/\/prettigwerkenbijvandijk.nl\/pl\/#\/schema\/logo\/image\/","url":"https:\/\/prettigwerkenbijvandijk.nl\/wp-content\/uploads\/2025\/01\/PrettigwerkenbijVanDijk.webp","contentUrl":"https:\/\/prettigwerkenbijvandijk.nl\/wp-content\/uploads\/2025\/01\/PrettigwerkenbijVanDijk.webp","width":1139,"height":940,"caption":"Prettig werken bij Van Dijk"},"image":{"@id":"https:\/\/prettigwerkenbijvandijk.nl\/pl\/#\/schema\/logo\/image\/"},"sameAs":["https:\/\/www.facebook.com\/vandijktrucks\/"]}]}},"_links":{"self":[{"href":"https:\/\/prettigwerkenbijvandijk.nl\/pl\/wp-json\/wp\/v2\/pages\/2757","targetHints":{"allow":["GET"]}}],"collection":[{"href":"https:\/\/prettigwerkenbijvandijk.nl\/pl\/wp-json\/wp\/v2\/pages"}],"about":[{"href":"https:\/\/prettigwerkenbijvandijk.nl\/pl\/wp-json\/wp\/v2\/types\/page"}],"author":[{"embeddable":true,"href":"https:\/\/prettigwerkenbijvandijk.nl\/pl\/wp-json\/wp\/v2\/users\/2"}],"replies":[{"embeddable":true,"href":"https:\/\/prettigwerkenbijvandijk.nl\/pl\/wp-json\/wp\/v2\/comments?post=2757"}],"version-history":[{"count":7,"href":"https:\/\/prettigwerkenbijvandijk.nl\/pl\/wp-json\/wp\/v2\/pages\/2757\/revisions"}],"predecessor-version":[{"id":3838,"href":"https:\/\/prettigwerkenbijvandijk.nl\/pl\/wp-json\/wp\/v2\/pages\/2757\/revisions\/3838"}],"wp:attachment":[{"href":"https:\/\/prettigwerkenbijvandijk.nl\/pl\/wp-json\/wp\/v2\/media?parent=2757"}],"curies":[{"name":"wp","href":"https:\/\/api.w.org\/{rel}","templated":true}]}}